{"id":9,"date":"2014-09-23T14:42:41","date_gmt":"2014-09-23T14:42:41","guid":{"rendered":"http:\/\/myuniversity.skat.tf\/?page_id=9"},"modified":"2026-04-29T14:03:48","modified_gmt":"2026-04-29T14:03:48","slug":"home","status":"publish","type":"page","link":"https:\/\/www.mas-online.edu.ec\/","title":{"rendered":"Inicio"},"content":{"rendered":"<p>[vc_row centered=\u00bbyes\u00bb][vc_column][vc_empty_space height=\u00bb80px\u00bb][vc_column_text]<\/p>\n<h2 style=\"text-align: center;\">Bienvenidos<span class=\"sd-light\"> a MAS Capacitaciones<\/span><\/h2>\n<h3 style=\"text-align: center;\"><span class=\"sd-colored sd-light\">Formando profesionales que aman la vida<\/span><\/h3>\n<p>[\/vc_column_text][vc_empty_space height=\u00bb70px\u00bb][vc_row_inner][vc_column_inner width=\u00bb1\/4&#8243;][vc_single_image image=\u00bb1094&#8243;][vc_column_text]<\/p>\n<h4><span class=\"sd-colored\">Misi\u00f3n: <\/span><\/h4>\n<p style=\"text-align: justify;\"><span style=\"color: #000000;\">Brindar un avanzado modelo educativo digital \u00a0que promueva la superaci\u00f3n personal y laboral para todos los sectores poblacionales.<\/span><\/p>\n<p>[\/vc_column_text][\/vc_column_inner][vc_column_inner width=\u00bb1\/4&#8243;][vc_single_image image=\u00bb1095&#8243;][vc_column_text]<\/p>\n<h4><span class=\"sd-colored\">Visi\u00f3n: <\/span><\/h4>\n<p style=\"text-align: justify;\"><span style=\"color: #000000;\">Proyectar a nivel internacional,\u00a0 la formaci\u00f3n continua en Terapias Alternativas Integrales mediante la educaci\u00f3n l\u00ednea.<\/span><\/p>\n<p>[\/vc_column_text][\/vc_column_inner][vc_column_inner width=\u00bb1\/4&#8243;][vc_single_image image=\u00bb1096&#8243;][vc_column_text]<\/p>\n<h4><span class=\"sd-colored\">Objetivo: <\/span><\/h4>\n<p style=\"text-align: justify;\"><span style=\"color: #000000;\">Capacitar y formar al estudiantado en t\u00e9cnicas aplicadas a\u00a0 las Terapias Alternativas Integrales.<\/span><\/p>\n<p>[\/vc_column_text][\/vc_column_inner][vc_column_inner width=\u00bb1\/4&#8243;][vc_single_image image=\u00bb1097&#8243;][vc_column_text]<\/p>\n<h4><span class=\"sd-colored\">Certificaci\u00f3n: <\/span><\/h4>\n<p style=\"text-align: justify;\"><span style=\"color: #000000;\">La Certificaci\u00f3n Ministerial Nro. 0037.\u00a0 \u00abNormativa para el Ejercicio de las Terapias Alternativas en el Ecuador\u00bb es un requisito indispensable que te abre las puertas al desenvolvimiento laboral.<\/span><\/p>\n<p>[\/vc_column_text][\/vc_column_inner][\/vc_row_inner][vc_empty_space height=\u00bb40px\u00bb css=\u00bb.vc_custom_1703078533367{background-color: #ffffff !important;}\u00bb][vc_column_text css=\u00bb.vc_custom_1703081418989{margin-bottom: 10px !important;background-color: #ffffff !important;}\u00bb]<\/p>\n<h2 style=\"text-align: center;\">Portafolio <span class=\"sd-light\">de Eventos<\/span><\/h2>\n<h3 style=\"text-align: center;\"><span class=\"sd-colored sd-light\">Tenemos para ti estas oportunidades&#8230;<\/span><\/h3>\n<p>[\/vc_column_text][\/vc_column][\/vc_row][vc_row disable_element=\u00bbyes\u00bb centered=\u00bbyes\u00bb css=\u00bb.vc_custom_1777471424434{background-color: #f6f8f8 !important;}\u00bb][vc_column][vc_row_inner centered=\u00bbyes\u00bb css=\u00bb.vc_custom_1703022474285{background-color: #ffffff !important;}\u00bb][vc_column_inner width=\u00bb1\/2&#8243; css=\u00bb.vc_custom_1703079635789{background-color: #ffffff !important;}\u00bb][vc_column_text css_animation=\u00bbnone\u00bb]<img fetchpriority=\"high\" decoding=\"async\" class=\"aligncenter wp-image-1208\" src=\"https:\/\/www.mas-online.edu.ec\/wp-content\/uploads\/2025\/10\/Analisis-Clinico-1024x1024.jpeg\" alt=\"\" width=\"550\" height=\"550\" srcset=\"https:\/\/www.mas-online.edu.ec\/wp-content\/uploads\/2025\/10\/Analisis-Clinico-1024x1024.jpeg 1024w, https:\/\/www.mas-online.edu.ec\/wp-content\/uploads\/2025\/10\/Analisis-Clinico-300x300.jpeg 300w, https:\/\/www.mas-online.edu.ec\/wp-content\/uploads\/2025\/10\/Analisis-Clinico-150x150.jpeg 150w, https:\/\/www.mas-online.edu.ec\/wp-content\/uploads\/2025\/10\/Analisis-Clinico-768x768.jpeg 768w, https:\/\/www.mas-online.edu.ec\/wp-content\/uploads\/2025\/10\/Analisis-Clinico-1536x1536.jpeg 1536w, https:\/\/www.mas-online.edu.ec\/wp-content\/uploads\/2025\/10\/Analisis-Clinico-189x189.jpeg 189w, https:\/\/www.mas-online.edu.ec\/wp-content\/uploads\/2025\/10\/Analisis-Clinico-183x183.jpeg 183w, https:\/\/www.mas-online.edu.ec\/wp-content\/uploads\/2025\/10\/Analisis-Clinico-82x82.jpeg 82w, https:\/\/www.mas-online.edu.ec\/wp-content\/uploads\/2025\/10\/Analisis-Clinico-260x260.jpeg 260w, https:\/\/www.mas-online.edu.ec\/wp-content\/uploads\/2025\/10\/Analisis-Clinico-600x600.jpeg 600w, https:\/\/www.mas-online.edu.ec\/wp-content\/uploads\/2025\/10\/Analisis-Clinico-100x100.jpeg 100w, https:\/\/www.mas-online.edu.ec\/wp-content\/uploads\/2025\/10\/Analisis-Clinico.jpeg 1600w\" sizes=\"(max-width: 550px) 100vw, 550px\" \/>[\/vc_column_text][\/vc_column_inner][vc_column_inner width=\u00bb1\/2&#8243; css=\u00bb.vc_custom_1703079651077{background-color: #ffffff !important;}\u00bb][vc_column_text]<img decoding=\"async\" class=\"aligncenter wp-image-1209\" src=\"https:\/\/www.mas-online.edu.ec\/wp-content\/uploads\/2025\/10\/Manejo-Cateter.jpeg\" alt=\"\" width=\"550\" height=\"550\" srcset=\"https:\/\/www.mas-online.edu.ec\/wp-content\/uploads\/2025\/10\/Manejo-Cateter.jpeg 1600w, https:\/\/www.mas-online.edu.ec\/wp-content\/uploads\/2025\/10\/Manejo-Cateter-300x300.jpeg 300w, https:\/\/www.mas-online.edu.ec\/wp-content\/uploads\/2025\/10\/Manejo-Cateter-1024x1024.jpeg 1024w, https:\/\/www.mas-online.edu.ec\/wp-content\/uploads\/2025\/10\/Manejo-Cateter-150x150.jpeg 150w, https:\/\/www.mas-online.edu.ec\/wp-content\/uploads\/2025\/10\/Manejo-Cateter-768x768.jpeg 768w, https:\/\/www.mas-online.edu.ec\/wp-content\/uploads\/2025\/10\/Manejo-Cateter-1536x1536.jpeg 1536w, https:\/\/www.mas-online.edu.ec\/wp-content\/uploads\/2025\/10\/Manejo-Cateter-189x189.jpeg 189w, https:\/\/www.mas-online.edu.ec\/wp-content\/uploads\/2025\/10\/Manejo-Cateter-183x183.jpeg 183w, https:\/\/www.mas-online.edu.ec\/wp-content\/uploads\/2025\/10\/Manejo-Cateter-82x82.jpeg 82w, https:\/\/www.mas-online.edu.ec\/wp-content\/uploads\/2025\/10\/Manejo-Cateter-260x260.jpeg 260w, https:\/\/www.mas-online.edu.ec\/wp-content\/uploads\/2025\/10\/Manejo-Cateter-600x600.jpeg 600w, https:\/\/www.mas-online.edu.ec\/wp-content\/uploads\/2025\/10\/Manejo-Cateter-100x100.jpeg 100w\" sizes=\"(max-width: 550px) 100vw, 550px\" \/>[\/vc_column_text][\/vc_column_inner][\/vc_row_inner][vc_row_inner centered=\u00bbyes\u00bb css=\u00bb.vc_custom_1703022474285{background-color: #ffffff !important;}\u00bb][vc_column_inner width=\u00bb1\/2&#8243; css=\u00bb.vc_custom_1703079635789{background-color: #ffffff !important;}\u00bb][vc_column_text css_animation=\u00bbnone\u00bb]<img decoding=\"async\" class=\"aligncenter wp-image-1210\" src=\"https:\/\/www.mas-online.edu.ec\/wp-content\/uploads\/2025\/10\/Modelado-Corporal.jpeg\" alt=\"\" width=\"550\" height=\"550\" srcset=\"https:\/\/www.mas-online.edu.ec\/wp-content\/uploads\/2025\/10\/Modelado-Corporal.jpeg 1600w, https:\/\/www.mas-online.edu.ec\/wp-content\/uploads\/2025\/10\/Modelado-Corporal-300x300.jpeg 300w, https:\/\/www.mas-online.edu.ec\/wp-content\/uploads\/2025\/10\/Modelado-Corporal-1024x1024.jpeg 1024w, https:\/\/www.mas-online.edu.ec\/wp-content\/uploads\/2025\/10\/Modelado-Corporal-150x150.jpeg 150w, https:\/\/www.mas-online.edu.ec\/wp-content\/uploads\/2025\/10\/Modelado-Corporal-768x768.jpeg 768w, https:\/\/www.mas-online.edu.ec\/wp-content\/uploads\/2025\/10\/Modelado-Corporal-1536x1536.jpeg 1536w, https:\/\/www.mas-online.edu.ec\/wp-content\/uploads\/2025\/10\/Modelado-Corporal-189x189.jpeg 189w, https:\/\/www.mas-online.edu.ec\/wp-content\/uploads\/2025\/10\/Modelado-Corporal-183x183.jpeg 183w, https:\/\/www.mas-online.edu.ec\/wp-content\/uploads\/2025\/10\/Modelado-Corporal-82x82.jpeg 82w, https:\/\/www.mas-online.edu.ec\/wp-content\/uploads\/2025\/10\/Modelado-Corporal-260x260.jpeg 260w, https:\/\/www.mas-online.edu.ec\/wp-content\/uploads\/2025\/10\/Modelado-Corporal-600x600.jpeg 600w, https:\/\/www.mas-online.edu.ec\/wp-content\/uploads\/2025\/10\/Modelado-Corporal-100x100.jpeg 100w\" sizes=\"(max-width: 550px) 100vw, 550px\" \/>[\/vc_column_text][\/vc_column_inner][vc_column_inner width=\u00bb1\/2&#8243; css=\u00bb.vc_custom_1759850414791{background-color: #ffffff !important;}\u00bb offset=\u00bbvc_hidden-lg vc_hidden-md vc_hidden-sm vc_hidden-xs\u00bb][vc_column_text]<img loading=\"lazy\" decoding=\"async\" class=\"wp-image-1188 aligncenter\" src=\"https:\/\/www.mas-online.edu.ec\/wp-content\/uploads\/2024\/12\/reflexologia-1024x1024.png\" alt=\"\" width=\"448\" height=\"448\" srcset=\"https:\/\/www.mas-online.edu.ec\/wp-content\/uploads\/2024\/12\/reflexologia-1024x1024.png 1024w, https:\/\/www.mas-online.edu.ec\/wp-content\/uploads\/2024\/12\/reflexologia-300x300.png 300w, https:\/\/www.mas-online.edu.ec\/wp-content\/uploads\/2024\/12\/reflexologia-150x150.png 150w, https:\/\/www.mas-online.edu.ec\/wp-content\/uploads\/2024\/12\/reflexologia-768x768.png 768w, https:\/\/www.mas-online.edu.ec\/wp-content\/uploads\/2024\/12\/reflexologia-1536x1536.png 1536w, https:\/\/www.mas-online.edu.ec\/wp-content\/uploads\/2024\/12\/reflexologia-2048x2048.png 2048w, https:\/\/www.mas-online.edu.ec\/wp-content\/uploads\/2024\/12\/reflexologia-189x189.png 189w, https:\/\/www.mas-online.edu.ec\/wp-content\/uploads\/2024\/12\/reflexologia-183x183.png 183w, https:\/\/www.mas-online.edu.ec\/wp-content\/uploads\/2024\/12\/reflexologia-82x82.png 82w, https:\/\/www.mas-online.edu.ec\/wp-content\/uploads\/2024\/12\/reflexologia-260x260.png 260w, https:\/\/www.mas-online.edu.ec\/wp-content\/uploads\/2024\/12\/reflexologia-600x600.png 600w, https:\/\/www.mas-online.edu.ec\/wp-content\/uploads\/2024\/12\/reflexologia-100x100.png 100w\" sizes=\"(max-width: 448px) 100vw, 448px\" \/>[\/vc_column_text][\/vc_column_inner][\/vc_row_inner][\/vc_column][\/vc_row][vc_row centered=\u00bbyes\u00bb css=\u00bb.vc_custom_1703078641416{background-color: #ffffff !important;}\u00bb][vc_column offset=\u00bbvc_hidden-lg vc_hidden-md vc_hidden-sm vc_hidden-xs\u00bb][vc_separator color=\u00bbcustom\u00bb accent_color=\u00bb#e7eaea\u00bb margintop=\u00bb0&#8243;][vc_row_inner][vc_column_inner width=\u00bb1\/4&#8243; css=\u00bb.vc_custom_1703079660693{background-color: #ffffff !important;}\u00bb][vc_column_text]<\/p>\n<h3>\u00a1Aparta tu cupo!<\/h3>\n<h4><span class=\"sd-colored\">Precio de apertura: Particulares $270,00<\/span><\/h4>\n<h4><span class=\"sd-colored\">\u00a0 \u00a0 \u00a0 \u00a0 \u00a0 \u00a0 \u00a0 \u00a0 \u00a0 \u00a0 \u00a0 \u00a0 \u00a0 \u00a0 \u00a0 \u00a0 \u00a0 \u00a0 \u00a0 \u00a0 Estudiantes y Exalumnos $240,00<\/span><\/h4>\n<p>[\/vc_column_text][\/vc_column_inner][vc_column_inner width=\u00bb1\/4&#8243; css=\u00bb.vc_custom_1703079667411{background-color: #ffffff !important;}\u00bb][vc_btn title=\u00bb\u00a1Particular!\u00bb style=\u00bb3d\u00bb color=\u00bbprimary\u00bb align=\u00bbright\u00bb i_icon_fontawesome=\u00bbfas fa-check\u00bb add_icon=\u00bbtrue\u00bb link=\u00bburl:https%3A%2F%2Fwww.mas-online.edu.ec%2F%3Fproduct%3Dmasaje-terapia|title:Terapias%20Florales\u00bb][vc_btn title=\u00bb\u00a1Estudiante!\u00bb style=\u00bb3d\u00bb color=\u00bbprimary\u00bb align=\u00bbright\u00bb i_icon_fontawesome=\u00bbfas fa-check\u00bb add_icon=\u00bbtrue\u00bb link=\u00bburl:https%3A%2F%2Fwww.mas-online.edu.ec%2F%3Fproduct%3Dmasaje-terapia-estudiantes-y-ex-alumnos|title:Terapias%20Florales\u00bb][\/vc_column_inner][vc_column_inner width=\u00bb1\/4&#8243; css=\u00bb.vc_custom_1703079673723{background-color: #ffffff !important;}\u00bb][vc_column_text]<\/p>\n<h3>\u00a1Aparta tu cupo!<\/h3>\n<h4><span class=\"sd-colored\">Precio de apertura: Particulares $270,00<\/span><\/h4>\n<h4><span class=\"sd-colored\">\u00a0 \u00a0 \u00a0 \u00a0 \u00a0 \u00a0 \u00a0 \u00a0 \u00a0 \u00a0 \u00a0 \u00a0 \u00a0 \u00a0 \u00a0 \u00a0 \u00a0 \u00a0 \u00a0 \u00a0 Estudiantes y Exalumnos $240,00<\/span><\/h4>\n<p>[\/vc_column_text][\/vc_column_inner][vc_column_inner width=\u00bb1\/4&#8243; css=\u00bb.vc_custom_1703079682251{background-color: #ffffff !important;}\u00bb][vc_btn title=\u00bb\u00a1Particular!\u00bb style=\u00bb3d\u00bb color=\u00bbprimary\u00bb align=\u00bbright\u00bb i_icon_fontawesome=\u00bbfas fa-check\u00bb add_icon=\u00bbtrue\u00bb link=\u00bburl:https%3A%2F%2Fwww.mas-online.edu.ec%2F%3Fproduct%3Dreflexologia|title:Terapias%20Florales\u00bb][vc_btn title=\u00bb\u00a1Estudiante!\u00bb style=\u00bb3d\u00bb color=\u00bbprimary\u00bb align=\u00bbright\u00bb i_icon_fontawesome=\u00bbfas fa-check\u00bb add_icon=\u00bbtrue\u00bb link=\u00bburl:https%3A%2F%2Fwww.mas-online.edu.ec%2F%3Fproduct%3Dreflexologia-estudiantes-y-ex-alumnos|title:Terapias%20Florales\u00bb][\/vc_column_inner][\/vc_row_inner][\/vc_column][\/vc_row][vc_row][vc_column][\/vc_column][\/vc_row]<\/p>\n","protected":false},"excerpt":{"rendered":"<p>[vc_row centered=\u00bbyes\u00bb][vc_column][vc_empty_space height=\u00bb80px\u00bb][vc_column_text] Bienvenidos a MAS Capacitaciones Formando profesionales que aman la vida [\/vc_column_text][vc_empty_space height=\u00bb70px\u00bb][vc_row_inner][vc_column_inner width=\u00bb1\/4&#8243;][vc_single_image image=\u00bb1094&#8243;][vc_column_text] Misi\u00f3n: Brindar un avanzado modelo educativo digital \u00a0que promueva la superaci\u00f3n personal y laboral para todos los sectores poblacionales. [\/vc_column_text][\/vc_column_inner][vc_column_inner width=\u00bb1\/4&#8243;][vc_single_image image=\u00bb1095&#8243;][vc_column_text] Visi\u00f3n: Proyectar a nivel internacional,\u00a0 la formaci\u00f3n continua en Terapias Alternativas&#8230;<\/p>\n<p><a class=\"more-link\" href=\"https:\/\/www.mas-online.edu.ec\/#more-9\">Leer mas&#8230;<\/a><\/p>\n","protected":false},"author":1,"featured_media":0,"parent":0,"menu_order":0,"comment_status":"closed","ping_status":"closed","template":"","meta":{"_joinchat":[],"footnotes":""},"class_list":["post-9","page","type-page","status-publish","hentry"],"_links":{"self":[{"href":"https:\/\/www.mas-online.edu.ec\/index.php?rest_route=\/wp\/v2\/pages\/9","targetHints":{"allow":["GET"]}}],"collection":[{"href":"https:\/\/www.mas-online.edu.ec\/index.php?rest_route=\/wp\/v2\/pages"}],"about":[{"href":"https:\/\/www.mas-online.edu.ec\/index.php?rest_route=\/wp\/v2\/types\/page"}],"author":[{"embeddable":true,"href":"https:\/\/www.mas-online.edu.ec\/index.php?rest_route=\/wp\/v2\/users\/1"}],"replies":[{"embeddable":true,"href":"https:\/\/www.mas-online.edu.ec\/index.php?rest_route=%2Fwp%2Fv2%2Fcomments&post=9"}],"version-history":[{"count":146,"href":"https:\/\/www.mas-online.edu.ec\/index.php?rest_route=\/wp\/v2\/pages\/9\/revisions"}],"predecessor-version":[{"id":1215,"href":"https:\/\/www.mas-online.edu.ec\/index.php?rest_route=\/wp\/v2\/pages\/9\/revisions\/1215"}],"wp:attachment":[{"href":"https:\/\/www.mas-online.edu.ec\/index.php?rest_route=%2Fwp%2Fv2%2Fmedia&parent=9"}],"curies":[{"name":"wp","href":"https:\/\/api.w.org\/{rel}","templated":true}]}}